{"id":52855,"date":"2026-09-01T23:13:17","date_gmt":"2026-09-01T20:13:17","guid":{"rendered":"https:\/\/adanaseshaber.com.tr\/habercim\/wp-content\/uploads\/2026\/09\/1-15-768x201-19.jpg"},"modified":"2026-09-01T23:13:45","modified_gmt":"2026-09-01T20:13:45","slug":"1-15-768x201-3048","status":"inherit","type":"attachment","link":"https:\/\/adanaseshaber.com.tr\/habercim\/foto-galeri\/3-adam\/attachment\/1-15-768x201-3048\/","title":{"rendered":"3 adam"},"author":2,"comment_status":"open","ping_status":"closed","template":"","meta":[],"description":{"rendered":"<p class=\"attachment\"><a href='https:\/\/adanaseshaber.com.tr\/habercim\/wp-content\/uploads\/2026\/09\/1-15-768x201-19.jpg'><img width=\"300\" height=\"79\" src=\"https:\/\/adanaseshaber.com.tr\/habercim\/wp-content\/uploads\/2026\/09\/1-15-768x201-19-300x79.jpg\" class=\"attachment-medium size-medium\" alt=\"\" loading=\"lazy\" srcset=\"https:\/\/adanaseshaber.com.tr\/habercim\/wp-content\/uploads\/2026\/09\/1-15-768x201-19-300x79.jpg 300w, https:\/\/adanaseshaber.com.tr\/habercim\/wp-content\/uploads\/2026\/09\/1-15-768x201-19.jpg 768w\" sizes=\"(max-width: 300px) 100vw, 300px\" \/><\/a><\/p>\n"},"caption":{"rendered":"<p>\u0130zmir\u2019de \u00fc\u00e7 ki\u015finin g\u00fcnd\u00fcz vakti, herkesin gelip ge\u00e7ti\u011fi bir noktada toplumsal ahlaka ayk\u0131r\u0131 davran\u0131\u015flarda bulundu\u011fu iddia edildi. Bir vatanda\u015f\u0131n cep telefonuyla kaydetti\u011fi anlarda g\u00f6r\u00fcnt\u00fclendiklerini fark eden \u015fah\u0131slar\u0131n pani\u011fe kap\u0131larak alelacele \u00fcstlerini toparlad\u0131\u011f\u0131 g\u00f6r\u00fcld\u00fc.<br \/>\nVatanda\u015f\u0131n \u201cNe yap\u0131yorsunuz burada?\u201d sorusuna dahi cevap veremeyen \u015fah\u0131slar, h\u0131zla olay yerinden uzakla\u015ft\u0131. \u0130zmir\u2019in merkezinde ya\u015fanan bu g\u00f6r\u00fcnt\u00fcler, \u015fehirdeki de\u011fer erozyonunu ve denetim zafiyetini bir kez daha g\u00fcndeme ta\u015f\u0131d\u0131.<br \/>\nToplumun huzurunu bozan bu t\u00fcr olaylara kar\u015f\u0131 yetkililerin acilen harekete ge\u00e7mesi gerekti\u011fi belirtilirken, ya\u015fananlar sosyal medyada da b\u00fcy\u00fck tepki toplad\u0131.<\/p>\n<p>Kaynak : yeniakit.com.tr<\/p>\n"},"alt_text":"","media_type":"image","mime_type":"image\/jpeg","media_details":{"width":768,"height":201,"file":"2026\/09\/1-15-768x201-19.jpg","sizes":{"medium":{"file":"1-15-768x201-19-300x79.jpg","width":300,"height":79,"mime_type":"image\/jpeg","source_url":"https:\/\/adanaseshaber.com.tr\/habercim\/wp-content\/uploads\/2026\/09\/1-15-768x201-19-300x79.jpg"},"thumbnail":{"file":"1-15-768x201-19-150x150.jpg","width":150,"height":150,"mime_type":"image\/jpeg","source_url":"https:\/\/adanaseshaber.com.tr\/habercim\/wp-content\/uploads\/2026\/09\/1-15-768x201-19-150x150.jpg"},"kucukResim":{"file":"1-15-768x201-19-80x50.jpg","width":80,"height":50,"mime_type":"image\/jpeg","source_url":"https:\/\/adanaseshaber.com.tr\/habercim\/wp-content\/uploads\/2026\/09\/1-15-768x201-19-80x50.jpg"},"sliderResim":{"file":"1-15-768x201-19-670x201.jpg","width":670,"height":201,"mime_type":"image\/jpeg","source_url":"https:\/\/adanaseshaber.com.tr\/habercim\/wp-content\/uploads\/2026\/09\/1-15-768x201-19-670x201.jpg"},"resim1":{"file":"1-15-768x201-19-184x140.jpg","width":184,"height":140,"mime_type":"image\/jpeg","source_url":"https:\/\/adanaseshaber.com.tr\/habercim\/wp-content\/uploads\/2026\/09\/1-15-768x201-19-184x140.jpg"},"resim2":{"file":"1-15-768x201-19-216x103.jpg","width":216,"height":103,"mime_type":"image\/jpeg","source_url":"https:\/\/adanaseshaber.com.tr\/habercim\/wp-content\/uploads\/2026\/09\/1-15-768x201-19-216x103.jpg"},"resim3":{"file":"1-15-768x201-19-145x70.jpg","width":145,"height":70,"mime_type":"image\/jpeg","source_url":"https:\/\/adanaseshaber.com.tr\/habercim\/wp-content\/uploads\/2026\/09\/1-15-768x201-19-145x70.jpg"},"sagSlider":{"file":"1-15-768x201-19-300x150.jpg","width":300,"height":150,"mime_type":"image\/jpeg","source_url":"https:\/\/adanaseshaber.com.tr\/habercim\/wp-content\/uploads\/2026\/09\/1-15-768x201-19-300x150.jpg"},"yeniSlider":{"file":"1-15-768x201-19-500x201.jpg","width":500,"height":201,"mime_type":"image\/jpeg","source_url":"https:\/\/adanaseshaber.com.tr\/habercim\/wp-content\/uploads\/2026\/09\/1-15-768x201-19-500x201.jpg"},"full":{"file":"1-15-768x201-19.jpg","width":768,"height":201,"mime_type":"image\/jpeg","source_url":"https:\/\/adanaseshaber.com.tr\/habercim\/wp-content\/uploads\/2026\/09\/1-15-768x201-19.jpg"}},"image_meta":{"aperture":"0","credit":"","camera":"","caption":"","created_timestamp":"0","copyright":"","focal_length":"0","iso":"0","shutter_speed":"0","title":"","orientation":"0","keywords":[]}},"post":52853,"source_url":"https:\/\/adanaseshaber.com.tr\/habercim\/wp-content\/uploads\/2026\/09\/1-15-768x201-19.jpg","_links":{"self":[{"href":"https:\/\/adanaseshaber.com.tr\/habercim\/wp-json\/wp\/v2\/media\/52855"}],"collection":[{"href":"https:\/\/adanaseshaber.com.tr\/habercim\/wp-json\/wp\/v2\/media"}],"about":[{"href":"https:\/\/adanaseshaber.com.tr\/habercim\/wp-json\/wp\/v2\/types\/attachment"}],"author":[{"embeddable":true,"href":"https:\/\/adanaseshaber.com.tr\/habercim\/wp-json\/wp\/v2\/users\/2"}],"replies":[{"embeddable":true,"href":"https:\/\/adanaseshaber.com.tr\/habercim\/wp-json\/wp\/v2\/comments?post=52855"}]}}