{"id":52865,"date":"2026-09-01T23:21:46","date_gmt":"2026-09-01T20:21:46","guid":{"rendered":"https:\/\/adanaseshaber.com.tr\/habercim\/wp-content\/uploads\/2026\/09\/1-15-768x201-23.jpg"},"modified":"2026-09-01T23:22:25","modified_gmt":"2026-09-01T20:22:25","slug":"1-15-768x201-3052","status":"inherit","type":"attachment","link":"https:\/\/adanaseshaber.com.tr\/habercim\/foto-galeri\/emeklilere-verilecek-destek\/attachment\/1-15-768x201-3052\/","title":{"rendered":"Emeklilere verilecek destek"},"author":2,"comment_status":"open","ping_status":"closed","template":"","meta":[],"description":{"rendered":"<p class=\"attachment\"><a href='https:\/\/adanaseshaber.com.tr\/habercim\/wp-content\/uploads\/2026\/09\/1-15-768x201-23.jpg'><img width=\"300\" height=\"79\" src=\"https:\/\/adanaseshaber.com.tr\/habercim\/wp-content\/uploads\/2026\/09\/1-15-768x201-23-300x79.jpg\" class=\"attachment-medium size-medium\" alt=\"\" loading=\"lazy\" srcset=\"https:\/\/adanaseshaber.com.tr\/habercim\/wp-content\/uploads\/2026\/09\/1-15-768x201-23-300x79.jpg 300w, https:\/\/adanaseshaber.com.tr\/habercim\/wp-content\/uploads\/2026\/09\/1-15-768x201-23.jpg 768w\" sizes=\"(max-width: 300px) 100vw, 300px\" \/><\/a><\/p>\n"},"caption":{"rendered":"<p>Yeni d\u00fczenleme, emeklilere \u00e7e\u015fitli desteklerin sunulmas\u0131 ve h\u00fck\u00fcmetin emeklilerle ilgili \u00e7al\u0131\u015fmalar\u0131na somut bir ad\u0131m olacak. Bu kapsamda, emeklilere su faturalar\u0131nda indirim veya \u00fccretsiz destek sa\u011flanmas\u0131 gibi ad\u0131mlar planlan\u0131yor.<\/p>\n<p>Ayr\u0131ca, yerel y\u00f6netimlerle i\u015f birli\u011fi i\u00e7inde \u00e7e\u015fitli destek paketleri \u00fczerinde de \u00e7al\u0131\u015fmalar y\u00fcr\u00fct\u00fcl\u00fcyor. Bu d\u00fczenlemeyle birlikte, emeklilere \u015fehir i\u00e7inde indirimli toplu ta\u015f\u0131ma hizmeti ve belediye tesislerinden \u00f6zel ayr\u0131cal\u0131klar sa\u011flanmas\u0131 gibi konular da g\u00fcndeme gelecek. Emeklilere sunulan bu desteklerin uygulanmas\u0131 i\u00e7in yerel y\u00f6netimlerle i\u015f birli\u011fi i\u00e7inde protokoller imzalanacak. Bu desteklerin, emeklilerin g\u00fcnl\u00fck ya\u015famlar\u0131n\u0131 kolayla\u015ft\u0131rmas\u0131 ve ya\u015fam standartlar\u0131n\u0131 art\u0131rmas\u0131 bekleniyor. Ayr\u0131ca, emeklilerin sosyal hayata daha aktif kat\u0131l\u0131mlar\u0131n\u0131 te\u015fvik ederek toplumun refah seviyesinin y\u00fckselmesine katk\u0131 sa\u011flayabilece\u011fi d\u00fc\u015f\u00fcn\u00fcl\u00fcyor.<\/p>\n<p>Kaynak : haberzamani.com<\/p>\n"},"alt_text":"","media_type":"image","mime_type":"image\/jpeg","media_details":{"width":768,"height":201,"file":"2026\/09\/1-15-768x201-23.jpg","sizes":{"medium":{"file":"1-15-768x201-23-300x79.jpg","width":300,"height":79,"mime_type":"image\/jpeg","source_url":"https:\/\/adanaseshaber.com.tr\/habercim\/wp-content\/uploads\/2026\/09\/1-15-768x201-23-300x79.jpg"},"thumbnail":{"file":"1-15-768x201-23-150x150.jpg","width":150,"height":150,"mime_type":"image\/jpeg","source_url":"https:\/\/adanaseshaber.com.tr\/habercim\/wp-content\/uploads\/2026\/09\/1-15-768x201-23-150x150.jpg"},"kucukResim":{"file":"1-15-768x201-23-80x50.jpg","width":80,"height":50,"mime_type":"image\/jpeg","source_url":"https:\/\/adanaseshaber.com.tr\/habercim\/wp-content\/uploads\/2026\/09\/1-15-768x201-23-80x50.jpg"},"sliderResim":{"file":"1-15-768x201-23-670x201.jpg","width":670,"height":201,"mime_type":"image\/jpeg","source_url":"https:\/\/adanaseshaber.com.tr\/habercim\/wp-content\/uploads\/2026\/09\/1-15-768x201-23-670x201.jpg"},"resim1":{"file":"1-15-768x201-23-184x140.jpg","width":184,"height":140,"mime_type":"image\/jpeg","source_url":"https:\/\/adanaseshaber.com.tr\/habercim\/wp-content\/uploads\/2026\/09\/1-15-768x201-23-184x140.jpg"},"resim2":{"file":"1-15-768x201-23-216x103.jpg","width":216,"height":103,"mime_type":"image\/jpeg","source_url":"https:\/\/adanaseshaber.com.tr\/habercim\/wp-content\/uploads\/2026\/09\/1-15-768x201-23-216x103.jpg"},"resim3":{"file":"1-15-768x201-23-145x70.jpg","width":145,"height":70,"mime_type":"image\/jpeg","source_url":"https:\/\/adanaseshaber.com.tr\/habercim\/wp-content\/uploads\/2026\/09\/1-15-768x201-23-145x70.jpg"},"sagSlider":{"file":"1-15-768x201-23-300x150.jpg","width":300,"height":150,"mime_type":"image\/jpeg","source_url":"https:\/\/adanaseshaber.com.tr\/habercim\/wp-content\/uploads\/2026\/09\/1-15-768x201-23-300x150.jpg"},"yeniSlider":{"file":"1-15-768x201-23-500x201.jpg","width":500,"height":201,"mime_type":"image\/jpeg","source_url":"https:\/\/adanaseshaber.com.tr\/habercim\/wp-content\/uploads\/2026\/09\/1-15-768x201-23-500x201.jpg"},"full":{"file":"1-15-768x201-23.jpg","width":768,"height":201,"mime_type":"image\/jpeg","source_url":"https:\/\/adanaseshaber.com.tr\/habercim\/wp-content\/uploads\/2026\/09\/1-15-768x201-23.jpg"}},"image_meta":{"aperture":"0","credit":"","camera":"","caption":"","created_timestamp":"0","copyright":"","focal_length":"0","iso":"0","shutter_speed":"0","title":"","orientation":"0","keywords":[]}},"post":52863,"source_url":"https:\/\/adanaseshaber.com.tr\/habercim\/wp-content\/uploads\/2026\/09\/1-15-768x201-23.jpg","_links":{"self":[{"href":"https:\/\/adanaseshaber.com.tr\/habercim\/wp-json\/wp\/v2\/media\/52865"}],"collection":[{"href":"https:\/\/adanaseshaber.com.tr\/habercim\/wp-json\/wp\/v2\/media"}],"about":[{"href":"https:\/\/adanaseshaber.com.tr\/habercim\/wp-json\/wp\/v2\/types\/attachment"}],"author":[{"embeddable":true,"href":"https:\/\/adanaseshaber.com.tr\/habercim\/wp-json\/wp\/v2\/users\/2"}],"replies":[{"embeddable":true,"href":"https:\/\/adanaseshaber.com.tr\/habercim\/wp-json\/wp\/v2\/comments?post=52865"}]}}