{"id":52876,"date":"2026-09-03T01:56:06","date_gmt":"2026-09-02T22:56:06","guid":{"rendered":"https:\/\/adanaseshaber.com.tr\/habercim\/wp-content\/uploads\/2026\/09\/1-15-768x201-27.jpg"},"modified":"2026-09-03T01:57:28","modified_gmt":"2026-09-02T22:57:28","slug":"1-15-768x201-3056","status":"inherit","type":"attachment","link":"https:\/\/adanaseshaber.com.tr\/habercim\/foto-galeri\/acun-ilicalinin-ayakkabisi-dikkat\/attachment\/1-15-768x201-3056\/","title":{"rendered":"Acun Il\u0131cal\u0131\u2019n\u0131n ayakkab\u0131s\u0131 dikkat"},"author":2,"comment_status":"open","ping_status":"closed","template":"","meta":[],"description":{"rendered":"<p class=\"attachment\"><a href='https:\/\/adanaseshaber.com.tr\/habercim\/wp-content\/uploads\/2026\/09\/1-15-768x201-27.jpg'><img width=\"300\" height=\"79\" src=\"https:\/\/adanaseshaber.com.tr\/habercim\/wp-content\/uploads\/2026\/09\/1-15-768x201-27-300x79.jpg\" class=\"attachment-medium size-medium\" alt=\"\" loading=\"lazy\" srcset=\"https:\/\/adanaseshaber.com.tr\/habercim\/wp-content\/uploads\/2026\/09\/1-15-768x201-27-300x79.jpg 300w, https:\/\/adanaseshaber.com.tr\/habercim\/wp-content\/uploads\/2026\/09\/1-15-768x201-27.jpg 768w\" sizes=\"(max-width: 300px) 100vw, 300px\" \/><\/a><\/p>\n"},"caption":{"rendered":"<p>Televizyoncu ve i\u015f adam\u0131 Acun Il\u0131cal\u0131, Fatih Altayl\u0131\u2019n\u0131n program\u0131na konuk oldu. \u0130ngiltere Premier Lig ekiplerinden Hull City\u2019nin sahibi olan Il\u0131cal\u0131, programda yapt\u0131\u011f\u0131 a\u00e7\u0131klamalar\u0131n yan\u0131 s\u0131ra giyim tarz\u0131yla da dikkat \u00e7ekti. Uzun y\u0131llard\u0131r televizyon sekt\u00f6r\u00fcnde faaliyet g\u00f6steren ve farkl\u0131 \u00fclkelerde \u00e7e\u015fitli projelere imza atan Il\u0131cal\u0131\u2019n\u0131n program s\u0131ras\u0131nda tercih etti\u011fi ayakkab\u0131n\u0131n fiyat\u0131n\u0131n 17 bin 999 TL oldu\u011fu \u00f6\u011frenildi. Ayakkab\u0131n\u0131n fiyat\u0131n\u0131 makul bulanlar\u0131n yan\u0131 s\u0131ra, s\u00f6z konusu rakam\u0131 y\u00fcksek bulanlar da oldu.<br \/>\nTelevizyon d\u00fcnyas\u0131ndaki \u00e7al\u0131\u015fmalar\u0131yla geni\u015f bir tan\u0131n\u0131rl\u0131\u011fa sahip olan Il\u0131cal\u0131, son y\u0131llarda futbol yat\u0131r\u0131mlar\u0131yla da ad\u0131ndan s\u00f6z ettiriyor. Farkl\u0131 \u00fclkelerde ger\u00e7ekle\u015ftirdi\u011fi televizyon projelerinin yan\u0131 s\u0131ra spor alan\u0131ndaki yat\u0131r\u0131mlar\u0131yla da g\u00fcndeme gelen Il\u0131cal\u0131, g\u00fcnl\u00fck ya\u015fam\u0131nda ise genellikle rahat ve spor tarz\u0131 tercih etmesiyle biliniyor.<\/p>\n<p>ACUN ILICALI\u2019NIN AYAKKABISI 17 B\u0130N 999 TL Acun Il\u0131cal\u0131, T\u00fcrkiye\u2019de televizyon sekt\u00f6r\u00fcndeki \u00e7al\u0131\u015fmalar\u0131yla tan\u0131nmas\u0131n\u0131n yan\u0131 s\u0131ra spor d\u00fcnyas\u0131ndaki yat\u0131r\u0131mlar\u0131yla da \u00f6ne \u00e7\u0131k\u0131yor. Il\u0131cal\u0131, \u0130ngiltere Premier Lig\u2019de m\u00fccadele eden Hull City\u2019nin sahibi olarak futbol alan\u0131ndaki faaliyetlerini s\u00fcrd\u00fcr\u00fcyor.<\/p>\n"},"alt_text":"","media_type":"image","mime_type":"image\/jpeg","media_details":{"width":768,"height":201,"file":"2026\/09\/1-15-768x201-27.jpg","sizes":{"medium":{"file":"1-15-768x201-27-300x79.jpg","width":300,"height":79,"mime_type":"image\/jpeg","source_url":"https:\/\/adanaseshaber.com.tr\/habercim\/wp-content\/uploads\/2026\/09\/1-15-768x201-27-300x79.jpg"},"thumbnail":{"file":"1-15-768x201-27-150x150.jpg","width":150,"height":150,"mime_type":"image\/jpeg","source_url":"https:\/\/adanaseshaber.com.tr\/habercim\/wp-content\/uploads\/2026\/09\/1-15-768x201-27-150x150.jpg"},"kucukResim":{"file":"1-15-768x201-27-80x50.jpg","width":80,"height":50,"mime_type":"image\/jpeg","source_url":"https:\/\/adanaseshaber.com.tr\/habercim\/wp-content\/uploads\/2026\/09\/1-15-768x201-27-80x50.jpg"},"sliderResim":{"file":"1-15-768x201-27-670x201.jpg","width":670,"height":201,"mime_type":"image\/jpeg","source_url":"https:\/\/adanaseshaber.com.tr\/habercim\/wp-content\/uploads\/2026\/09\/1-15-768x201-27-670x201.jpg"},"resim1":{"file":"1-15-768x201-27-184x140.jpg","width":184,"height":140,"mime_type":"image\/jpeg","source_url":"https:\/\/adanaseshaber.com.tr\/habercim\/wp-content\/uploads\/2026\/09\/1-15-768x201-27-184x140.jpg"},"resim2":{"file":"1-15-768x201-27-216x103.jpg","width":216,"height":103,"mime_type":"image\/jpeg","source_url":"https:\/\/adanaseshaber.com.tr\/habercim\/wp-content\/uploads\/2026\/09\/1-15-768x201-27-216x103.jpg"},"resim3":{"file":"1-15-768x201-27-145x70.jpg","width":145,"height":70,"mime_type":"image\/jpeg","source_url":"https:\/\/adanaseshaber.com.tr\/habercim\/wp-content\/uploads\/2026\/09\/1-15-768x201-27-145x70.jpg"},"sagSlider":{"file":"1-15-768x201-27-300x150.jpg","width":300,"height":150,"mime_type":"image\/jpeg","source_url":"https:\/\/adanaseshaber.com.tr\/habercim\/wp-content\/uploads\/2026\/09\/1-15-768x201-27-300x150.jpg"},"yeniSlider":{"file":"1-15-768x201-27-500x201.jpg","width":500,"height":201,"mime_type":"image\/jpeg","source_url":"https:\/\/adanaseshaber.com.tr\/habercim\/wp-content\/uploads\/2026\/09\/1-15-768x201-27-500x201.jpg"},"full":{"file":"1-15-768x201-27.jpg","width":768,"height":201,"mime_type":"image\/jpeg","source_url":"https:\/\/adanaseshaber.com.tr\/habercim\/wp-content\/uploads\/2026\/09\/1-15-768x201-27.jpg"}},"image_meta":{"aperture":"0","credit":"","camera":"","caption":"","created_timestamp":"0","copyright":"","focal_length":"0","iso":"0","shutter_speed":"0","title":"","orientation":"0","keywords":[]}},"post":52874,"source_url":"https:\/\/adanaseshaber.com.tr\/habercim\/wp-content\/uploads\/2026\/09\/1-15-768x201-27.jpg","_links":{"self":[{"href":"https:\/\/adanaseshaber.com.tr\/habercim\/wp-json\/wp\/v2\/media\/52876"}],"collection":[{"href":"https:\/\/adanaseshaber.com.tr\/habercim\/wp-json\/wp\/v2\/media"}],"about":[{"href":"https:\/\/adanaseshaber.com.tr\/habercim\/wp-json\/wp\/v2\/types\/attachment"}],"author":[{"embeddable":true,"href":"https:\/\/adanaseshaber.com.tr\/habercim\/wp-json\/wp\/v2\/users\/2"}],"replies":[{"embeddable":true,"href":"https:\/\/adanaseshaber.com.tr\/habercim\/wp-json\/wp\/v2\/comments?post=52876"}]}}