{"id":52951,"date":"2026-09-04T21:19:42","date_gmt":"2026-09-04T18:19:42","guid":{"rendered":"https:\/\/adanaseshaber.com.tr\/habercim\/wp-content\/uploads\/2026\/09\/1-15-768x201-57.jpg"},"modified":"2026-09-04T21:21:46","modified_gmt":"2026-09-04T18:21:46","slug":"1-15-768x201-3086","status":"inherit","type":"attachment","link":"https:\/\/adanaseshaber.com.tr\/habercim\/foto-galeri\/cok-guclu-geliyor\/attachment\/1-15-768x201-3086\/","title":{"rendered":"\u00c7ok g\u00fc\u00e7l\u00fc geliyor"},"author":2,"comment_status":"open","ping_status":"closed","template":"","meta":[],"description":{"rendered":"<p class=\"attachment\"><a href='https:\/\/adanaseshaber.com.tr\/habercim\/wp-content\/uploads\/2026\/09\/1-15-768x201-57.jpg'><img width=\"300\" height=\"79\" src=\"https:\/\/adanaseshaber.com.tr\/habercim\/wp-content\/uploads\/2026\/09\/1-15-768x201-57-300x79.jpg\" class=\"attachment-medium size-medium\" alt=\"\" loading=\"lazy\" srcset=\"https:\/\/adanaseshaber.com.tr\/habercim\/wp-content\/uploads\/2026\/09\/1-15-768x201-57-300x79.jpg 300w, https:\/\/adanaseshaber.com.tr\/habercim\/wp-content\/uploads\/2026\/09\/1-15-768x201-57.jpg 768w\" sizes=\"(max-width: 300px) 100vw, 300px\" \/><\/a><\/p>\n"},"caption":{"rendered":"<p>Birle\u015fmi\u015f Milletler\u2019in (BM) iklim ajans\u0131 olan D\u00fcnya Meteoroloji \u00d6rg\u00fct\u00fc (WMO) d\u00fcn yapt\u0131\u011f\u0131 uyar\u0131da, El Nino hava olay\u0131n\u0131n \u00f6n\u00fcm\u00fczdeki aylarda \u201c\u00e7ok g\u00fc\u00e7l\u00fc\u201d bir seviyeye ula\u015fmas\u0131n\u0131n beklendi\u011fini ve \u015fubat ay\u0131na kadar devam etmesinin kesin oldu\u011funu bildirdi. WMO, El Nino\u2019nun bu y\u0131l\u0131n sonuna do\u011fru zirve yapaca\u011f\u0131n\u0131, ancak iklim \u00fczerindeki etkilerinin 2027 y\u0131l\u0131na kadar hissedilece\u011fini belirtti. Kurum, \u201cEl Nino iyice yerle\u015fti ve \u00f6n\u00fcm\u00fczdeki aylarda \u015fiddetlenerek \u00e7ok g\u00fc\u00e7l\u00fc bir olaya d\u00f6n\u00fc\u015fecek. Bu durum ya\u011f\u0131\u015f ve s\u0131cakl\u0131k d\u00fczenlerinde b\u00fcy\u00fck etkilere, beraberinde sel, kurakl\u0131k ve a\u015f\u0131r\u0131 s\u0131cakl\u0131k risklerine yol a\u00e7acak\u201d uyar\u0131s\u0131n\u0131 yapt\u0131.<br \/>\nGuterres: Tehlikedeyiz<\/p>\n<p>BM Genel Sekreteri Antonio Guterres de \u201cEl Nino g\u00f6zlerimizin \u00f6n\u00fcnde devasa boyutlara ula\u015f\u0131yor. Bilim \u015f\u00fcpheye yer b\u0131rakm\u0131yor: Gezegen bilinmeyen sulara girdi ve bu sular giderek \u0131s\u0131n\u0131yor. Deniz y\u00fczeyi s\u0131cakl\u0131klar\u0131 y\u00fckseliyor, k\u00fcresel s\u0131cakl\u0131klar t\u0131rmanmaya devam ediyor ve d\u00fcnya a\u015f\u0131r\u0131 hava olaylar\u0131n\u0131n \u2018tehlike b\u00f6lgesinde\u2019 yer al\u0131yor. \u015eimdi yar\u0131\u015f, artan riskler ile iklimi ve insanlar\u0131 koruma taahh\u00fcd\u00fcm\u00fcz aras\u0131nda ge\u00e7iyor. Bu yar\u0131\u015f\u0131 kazanmak zorunday\u0131z\u201d dedi. WMO Ba\u015fkan\u0131 Celeste Saulo, \u201cBu ola\u011fan\u00fcst\u00fc El Nino, d\u00fcnya genelindeki topluluklara ve ekonomilere a\u011f\u0131r bir darbe indirme potansiyeline sahip. Kurakl\u0131k ve sellerden kaynaklanan aksakl\u0131klar\u0131 ve y\u0131k\u0131m\u0131 \u015fimdiden g\u00f6r\u00fcyoruz; El Nino \u015fiddetlendik\u00e7e bu etkilerin daha da artmas\u0131n\u0131 bekliyoruz\u201d dedi. Saulo, afet y\u00f6netimi yetkililerini ve tar\u0131m, sa\u011fl\u0131k, enerji ile su gibi iklime duyarl\u0131 sekt\u00f6rleri uyararak haz\u0131rl\u0131k yapmak i\u00e7in \u201ckaybedecek zaman olmad\u0131\u011f\u0131n\u0131\u201d vurgulad\u0131.<br \/>\nD\u00fcnya\u2019y\u0131 \u0131s\u0131t\u0131r selleri art\u0131r\u0131r<\/p>\n<p>El Nino do\u011fal bir iklim olay\u0131d\u0131r, iklim de\u011fi\u015fikli\u011finden kaynaklanmaz. Ancak fosil yak\u0131t kullan\u0131m\u0131 nedeniyle \u0131s\u0131nan D\u00fcnya\u2019n\u0131n s\u0131cakl\u0131\u011f\u0131n\u0131 daha da art\u0131r\u0131r ve sel, kurakl\u0131k gibi a\u015f\u0131r\u0131 hava olaylar\u0131n\u0131n \u015fiddetini y\u00fckseltir. El Nino, Pasifik Okyanusu\u2019nun ekvatoral b\u00f6lgesindeki y\u00fczey s\u0131cakl\u0131klar\u0131n\u0131 \u0131s\u0131tarak D\u00fcnya \u00e7ap\u0131nda r\u00fczg\u00e2r, bas\u0131n\u00e7 ve ya\u011f\u0131\u015f d\u00fczenlerinde de\u011fi\u015fikliklere yol a\u00e7ar. Genellikle iki ila yedi y\u0131lda bir meydana gelir ve yakla\u015f\u0131k 9 ila 12 ay s\u00fcrer. Kas\u0131rgayla \u015fiddetini g\u00f6sterdi<\/p>\n<p>Pasifik Okyanusu\u2019nda d\u00fcn ayn\u0131 anda ilerleyen nadir bir \u00fc\u00e7l\u00fc kas\u0131rgan\u0131n g\u00f6r\u00fclmesi, okyanusun sular\u0131n\u0131 \u0131s\u0131tan tarihi g\u00fc\u00e7teki El Nino\u2019ya ba\u011fland\u0131. Michigan \u00dcniversitesi\u2019nden iklim bilimci Julia Cole, AFP\u2019ye yapt\u0131\u011f\u0131 a\u00e7\u0131klamada, \u00fc\u00e7 kas\u0131rgan\u0131n ayn\u0131 anda g\u00f6r\u00fclmesinin \u201ckesinlikle nadir bir durum\u201d oldu\u011funu belirtti. Cole, \u201cEl Nino kaynakl\u0131 \u0131s\u0131nma, b\u00fcy\u00fck \u00f6l\u00e7\u00fcde s\u0131cak sularla beslenen bu f\u0131rt\u0131nalara zemin haz\u0131rl\u0131yor. Tropikal Pasifik normalden daha s\u0131cak oldu\u011funda, g\u00fc\u00e7l\u00fc f\u0131rt\u0131nalarda bir art\u0131\u015f g\u00f6r\u00fcyoruz\u201d dedi. \u00c7in\u2019i bu kez Saudel vurdu<\/p>\n<p>\u00c7in\u2019in do\u011fusunda Saudel Tayfunu\u2019nun neden oldu\u011fu \u015fiddetli ya\u011f\u0131\u015f\u0131n ard\u0131ndan onlarca ara\u00e7 sel sular\u0131na kap\u0131larak s\u00fcr\u00fcklendi. \u015eiddetli ya\u011f\u0131\u015flar nedeniyle Zhejiang eyaletinin Wenzhou kentindeki bir okul kamp\u00fcs\u00fcnde 2 bin 500\u2019den fazla \u00f6\u011fretmen ve \u00f6\u011frenci mahsur kald\u0131. Fujian ve Zhejiang eyaletlerine \u015fiddetli ya\u011f\u0131\u015f getiren f\u0131rt\u0131nan\u0131n, bat\u0131ya do\u011fru ilerlemesi bekleniyor. \u00c7in\u2019de bu yaz pe\u015f pe\u015fe tayfunlar oluyor. <\/p>\n<p>Kaynak : milliyet.com.tr<\/p>\n"},"alt_text":"","media_type":"image","mime_type":"image\/jpeg","media_details":{"width":768,"height":201,"file":"2026\/09\/1-15-768x201-57.jpg","sizes":{"medium":{"file":"1-15-768x201-57-300x79.jpg","width":300,"height":79,"mime_type":"image\/jpeg","source_url":"https:\/\/adanaseshaber.com.tr\/habercim\/wp-content\/uploads\/2026\/09\/1-15-768x201-57-300x79.jpg"},"thumbnail":{"file":"1-15-768x201-57-150x150.jpg","width":150,"height":150,"mime_type":"image\/jpeg","source_url":"https:\/\/adanaseshaber.com.tr\/habercim\/wp-content\/uploads\/2026\/09\/1-15-768x201-57-150x150.jpg"},"kucukResim":{"file":"1-15-768x201-57-80x50.jpg","width":80,"height":50,"mime_type":"image\/jpeg","source_url":"https:\/\/adanaseshaber.com.tr\/habercim\/wp-content\/uploads\/2026\/09\/1-15-768x201-57-80x50.jpg"},"sliderResim":{"file":"1-15-768x201-57-670x201.jpg","width":670,"height":201,"mime_type":"image\/jpeg","source_url":"https:\/\/adanaseshaber.com.tr\/habercim\/wp-content\/uploads\/2026\/09\/1-15-768x201-57-670x201.jpg"},"resim1":{"file":"1-15-768x201-57-184x140.jpg","width":184,"height":140,"mime_type":"image\/jpeg","source_url":"https:\/\/adanaseshaber.com.tr\/habercim\/wp-content\/uploads\/2026\/09\/1-15-768x201-57-184x140.jpg"},"resim2":{"file":"1-15-768x201-57-216x103.jpg","width":216,"height":103,"mime_type":"image\/jpeg","source_url":"https:\/\/adanaseshaber.com.tr\/habercim\/wp-content\/uploads\/2026\/09\/1-15-768x201-57-216x103.jpg"},"resim3":{"file":"1-15-768x201-57-145x70.jpg","width":145,"height":70,"mime_type":"image\/jpeg","source_url":"https:\/\/adanaseshaber.com.tr\/habercim\/wp-content\/uploads\/2026\/09\/1-15-768x201-57-145x70.jpg"},"sagSlider":{"file":"1-15-768x201-57-300x150.jpg","width":300,"height":150,"mime_type":"image\/jpeg","source_url":"https:\/\/adanaseshaber.com.tr\/habercim\/wp-content\/uploads\/2026\/09\/1-15-768x201-57-300x150.jpg"},"yeniSlider":{"file":"1-15-768x201-57-500x201.jpg","width":500,"height":201,"mime_type":"image\/jpeg","source_url":"https:\/\/adanaseshaber.com.tr\/habercim\/wp-content\/uploads\/2026\/09\/1-15-768x201-57-500x201.jpg"},"full":{"file":"1-15-768x201-57.jpg","width":768,"height":201,"mime_type":"image\/jpeg","source_url":"https:\/\/adanaseshaber.com.tr\/habercim\/wp-content\/uploads\/2026\/09\/1-15-768x201-57.jpg"}},"image_meta":{"aperture":"0","credit":"","camera":"","caption":"","created_timestamp":"0","copyright":"","focal_length":"0","iso":"0","shutter_speed":"0","title":"","orientation":"0","keywords":[]}},"post":52949,"source_url":"https:\/\/adanaseshaber.com.tr\/habercim\/wp-content\/uploads\/2026\/09\/1-15-768x201-57.jpg","_links":{"self":[{"href":"https:\/\/adanaseshaber.com.tr\/habercim\/wp-json\/wp\/v2\/media\/52951"}],"collection":[{"href":"https:\/\/adanaseshaber.com.tr\/habercim\/wp-json\/wp\/v2\/media"}],"about":[{"href":"https:\/\/adanaseshaber.com.tr\/habercim\/wp-json\/wp\/v2\/types\/attachment"}],"author":[{"embeddable":true,"href":"https:\/\/adanaseshaber.com.tr\/habercim\/wp-json\/wp\/v2\/users\/2"}],"replies":[{"embeddable":true,"href":"https:\/\/adanaseshaber.com.tr\/habercim\/wp-json\/wp\/v2\/comments?post=52951"}]}}