{"id":52981,"date":"2026-09-05T18:30:50","date_gmt":"2026-09-05T15:30:50","guid":{"rendered":"https:\/\/adanaseshaber.com.tr\/habercim\/wp-content\/uploads\/2026\/09\/1-15-768x201-69.jpg"},"modified":"2026-09-05T18:33:22","modified_gmt":"2026-09-05T15:33:22","slug":"1-15-768x201-3098","status":"inherit","type":"attachment","link":"https:\/\/adanaseshaber.com.tr\/habercim\/foto-galeri\/anayasa-mahkemesi\/attachment\/1-15-768x201-3098\/","title":{"rendered":"Anayasa Mahkemesi"},"author":2,"comment_status":"open","ping_status":"closed","template":"","meta":[],"description":{"rendered":"<p class=\"attachment\"><a href='https:\/\/adanaseshaber.com.tr\/habercim\/wp-content\/uploads\/2026\/09\/1-15-768x201-69.jpg'><img width=\"300\" height=\"79\" src=\"https:\/\/adanaseshaber.com.tr\/habercim\/wp-content\/uploads\/2026\/09\/1-15-768x201-69-300x79.jpg\" class=\"attachment-medium size-medium\" alt=\"\" loading=\"lazy\" srcset=\"https:\/\/adanaseshaber.com.tr\/habercim\/wp-content\/uploads\/2026\/09\/1-15-768x201-69-300x79.jpg 300w, https:\/\/adanaseshaber.com.tr\/habercim\/wp-content\/uploads\/2026\/09\/1-15-768x201-69.jpg 768w\" sizes=\"(max-width: 300px) 100vw, 300px\" \/><\/a><\/p>\n"},"caption":{"rendered":"<p>Anayasa Mahkemesi (AYM), \u0130stanbul Anadolu 21. \u0130\u015f Mahkemesi&#8217;nin 5510 say\u0131l\u0131 Sosyal Sigortalar ve Genel Sa\u011fl\u0131k Sigortas\u0131 Kanunu&#8217;ndaki ilgili h\u00fckm\u00fcn iptaline y\u00f6nelik ba\u015fvurusunu reddetti. B\u00f6ylece bo\u015fand\u0131\u011f\u0131 e\u015fiyle fiilen birlikte ya\u015fad\u0131\u011f\u0131 belirlenen e\u015f ve \u00e7ocuklar\u0131n gelir ile ayl\u0131klar\u0131n\u0131n kesilmesini ve yap\u0131lan \u00f6demelerin geri al\u0131nmas\u0131n\u0131 \u00f6ng\u00f6ren d\u00fczenleme Anayasa&#8217;ya uygun bulundu.<br \/>\n14 Temmuz 2026 tarihli Resmi Gazete&#8217;de yay\u0131mlanan karara g\u00f6re \u0130stanbul Anadolu 21. \u0130\u015f Mahkemesi, bakt\u0131\u011f\u0131 bir davada 5510 say\u0131l\u0131 Sosyal Sigortalar ve Genel Sa\u011fl\u0131k Sigortas\u0131 Kanunu&#8217;nun 56. maddesinin ikinci f\u0131kras\u0131nda yer alan d\u00fczenlemenin Anayasa&#8217;ya ayk\u0131r\u0131 oldu\u011fu iddias\u0131yla iptalini talep etti.<\/p>\n<p>S\u00f6z konusu d\u00fczenlemede, &#8220;E\u015finden bo\u015fand\u0131\u011f\u0131 halde bo\u015fand\u0131\u011f\u0131 e\u015fiyle fiilen birlikte ya\u015fad\u0131\u011f\u0131 belirlenen e\u015f ve \u00e7ocuklar\u0131n ba\u011flanm\u0131\u015f olan gelir ve ayl\u0131klar\u0131 kesilir. Bu ki\u015filere \u00f6denmi\u015f olan tutarlar, 96&#8217;nc\u0131 madde h\u00fck\u00fcmlerine g\u00f6re geri al\u0131n\u0131r&#8221; h\u00fckm\u00fc yer al\u0131yor. Ba\u015fvuruda d\u00fczenlemenin Sosyal G\u00fcvenlik Kurumu (SGK) taraf\u0131ndan eksik ara\u015ft\u0131rma yap\u0131lmas\u0131 halinde ara\u015ft\u0131rman\u0131n mahkemelerce yap\u0131lmas\u0131n\u0131 \u00f6ng\u00f6rd\u00fc\u011f\u00fc, bunun yarg\u0131n\u0131n idarenin yerine ge\u00e7mesine neden oldu\u011fu ve \u00f6zel hayata sayg\u0131 hakk\u0131na m\u00fcdahale olu\u015fturdu\u011fu ileri s\u00fcr\u00fcld\u00fc.<\/p>\n<p>Ba\u015fvuruyu inceleyen AYM ise d\u00fczenlemeyi Anayasa&#8217;ya uygun bularak iptal istemini reddetti. AYM GEREK\u00c7ES\u0130N\u0130 A\u00c7IKLADI<\/p>\n<p>Kararda e\u015f ve \u00e7ocuklara ba\u011flanan gelir ve ayl\u0131klar\u0131n hangi hallerde kesilece\u011finin herhangi bir teredd\u00fcde yer vermeyecek \u015fekilde a\u00e7\u0131k ve net olarak d\u00fczenlendi\u011fi belirtildi.<\/p>\n<p>Gelir ve ayl\u0131klar\u0131n geri al\u0131nmas\u0131na dair usul ve esaslarda da herhangi bir belirsizlik bulunmad\u0131\u011f\u0131 ifade edilen kararda, &#8220;M\u00fclkiyet hakk\u0131na getirilen s\u0131n\u0131rlaman\u0131n kanunilik \u015fart\u0131n\u0131 sa\u011flad\u0131\u011f\u0131 sonucuna ula\u015f\u0131lm\u0131\u015ft\u0131r&#8221; denildi.<\/p>\n<p>Kararda ayr\u0131ca bo\u015fanan e\u015f ve \u00e7ocuklara gelir ve ayl\u0131k ba\u011flanmas\u0131n\u0131n amac\u0131n\u0131n e\u015f deste\u011finden yoksun kalan hak sahiplerinin sosyal g\u00fcvenli\u011finin sa\u011flanmas\u0131 oldu\u011fu vurguland\u0131. Y\u00fcksek Mahkeme, d\u00fczenlemenin sosyal g\u00fcvenlik sisteminin s\u00fcrd\u00fcr\u00fclebilirli\u011fini sa\u011flamay\u0131 ama\u00e7lad\u0131\u011f\u0131n\u0131 belirterek kanun koyucunun takdir yetkisi kapsam\u0131nda getirilen s\u0131n\u0131rlaman\u0131n me\u015fru amaca ula\u015fmak bak\u0131m\u0131ndan gerekli oldu\u011fu sonucuna vard\u0131.<br \/>\nKARARLA \u0130LG\u0130L\u0130 MERAK ED\u0130LENLER<\/p>\n<p>Kimlerin ayl\u0131\u011f\u0131 kesilebilir?<\/p>\n<p>5510 say\u0131l\u0131 Kanun&#8217;un ilgili h\u00fckm\u00fcne g\u00f6re e\u015finden bo\u015fand\u0131\u011f\u0131 halde eski e\u015fiyle fiilen birlikte ya\u015fad\u0131\u011f\u0131 belirlenen e\u015f ve \u00e7ocuklar\u0131n ba\u011flanm\u0131\u015f gelir ve ayl\u0131klar\u0131 kesiliyor.<\/p>\n<p>Tespit nas\u0131l yap\u0131l\u0131yor?<\/p>\n<p>AYM karar\u0131nda tespitin hangi y\u00f6ntemle yap\u0131laca\u011f\u0131na y\u00f6nelik yeni bir d\u00fczenleme yer alm\u0131yor. Kararda yaln\u0131zca fiilen birlikte ya\u015fad\u0131\u011f\u0131 belirlenen ki\u015filer hakk\u0131nda kanun h\u00fckm\u00fcn\u00fcn uygulanaca\u011f\u0131 ifade ediliyor.<\/p>\n<p>Ge\u00e7mi\u015f \u00f6demeler nas\u0131l geri al\u0131n\u0131yor?<\/p>\n<p>Kanundaki d\u00fczenlemeye g\u00f6re bu ki\u015filere \u00f6denmi\u015f tutarlar 5510 say\u0131l\u0131 Kanun&#8217;un 96. maddesi h\u00fck\u00fcmlerine g\u00f6re geri al\u0131n\u0131yor.<\/p>\n<p>Karara kar\u015f\u0131 hangi hukuki yollar kullan\u0131labilir?<\/p>\n<p>AYM, d\u00fczenlemenin Anayasa&#8217;ya uygun oldu\u011funa h\u00fckmederek iptal istemini reddetti. Kararda bireysel i\u015flemlere kar\u015f\u0131 izlenecek hukuki yollar konusunda ayr\u0131ca bir de\u011ferlendirmeye yer verilmedi.<\/p>\n<p>Kaynak : ahaber.com.tr<\/p>\n"},"alt_text":"","media_type":"image","mime_type":"image\/jpeg","media_details":{"width":768,"height":201,"file":"2026\/09\/1-15-768x201-69.jpg","sizes":{"medium":{"file":"1-15-768x201-69-300x79.jpg","width":300,"height":79,"mime_type":"image\/jpeg","source_url":"https:\/\/adanaseshaber.com.tr\/habercim\/wp-content\/uploads\/2026\/09\/1-15-768x201-69-300x79.jpg"},"thumbnail":{"file":"1-15-768x201-69-150x150.jpg","width":150,"height":150,"mime_type":"image\/jpeg","source_url":"https:\/\/adanaseshaber.com.tr\/habercim\/wp-content\/uploads\/2026\/09\/1-15-768x201-69-150x150.jpg"},"kucukResim":{"file":"1-15-768x201-69-80x50.jpg","width":80,"height":50,"mime_type":"image\/jpeg","source_url":"https:\/\/adanaseshaber.com.tr\/habercim\/wp-content\/uploads\/2026\/09\/1-15-768x201-69-80x50.jpg"},"sliderResim":{"file":"1-15-768x201-69-670x201.jpg","width":670,"height":201,"mime_type":"image\/jpeg","source_url":"https:\/\/adanaseshaber.com.tr\/habercim\/wp-content\/uploads\/2026\/09\/1-15-768x201-69-670x201.jpg"},"resim1":{"file":"1-15-768x201-69-184x140.jpg","width":184,"height":140,"mime_type":"image\/jpeg","source_url":"https:\/\/adanaseshaber.com.tr\/habercim\/wp-content\/uploads\/2026\/09\/1-15-768x201-69-184x140.jpg"},"resim2":{"file":"1-15-768x201-69-216x103.jpg","width":216,"height":103,"mime_type":"image\/jpeg","source_url":"https:\/\/adanaseshaber.com.tr\/habercim\/wp-content\/uploads\/2026\/09\/1-15-768x201-69-216x103.jpg"},"resim3":{"file":"1-15-768x201-69-145x70.jpg","width":145,"height":70,"mime_type":"image\/jpeg","source_url":"https:\/\/adanaseshaber.com.tr\/habercim\/wp-content\/uploads\/2026\/09\/1-15-768x201-69-145x70.jpg"},"sagSlider":{"file":"1-15-768x201-69-300x150.jpg","width":300,"height":150,"mime_type":"image\/jpeg","source_url":"https:\/\/adanaseshaber.com.tr\/habercim\/wp-content\/uploads\/2026\/09\/1-15-768x201-69-300x150.jpg"},"yeniSlider":{"file":"1-15-768x201-69-500x201.jpg","width":500,"height":201,"mime_type":"image\/jpeg","source_url":"https:\/\/adanaseshaber.com.tr\/habercim\/wp-content\/uploads\/2026\/09\/1-15-768x201-69-500x201.jpg"},"full":{"file":"1-15-768x201-69.jpg","width":768,"height":201,"mime_type":"image\/jpeg","source_url":"https:\/\/adanaseshaber.com.tr\/habercim\/wp-content\/uploads\/2026\/09\/1-15-768x201-69.jpg"}},"image_meta":{"aperture":"0","credit":"","camera":"","caption":"","created_timestamp":"0","copyright":"","focal_length":"0","iso":"0","shutter_speed":"0","title":"","orientation":"0","keywords":[]}},"post":52979,"source_url":"https:\/\/adanaseshaber.com.tr\/habercim\/wp-content\/uploads\/2026\/09\/1-15-768x201-69.jpg","_links":{"self":[{"href":"https:\/\/adanaseshaber.com.tr\/habercim\/wp-json\/wp\/v2\/media\/52981"}],"collection":[{"href":"https:\/\/adanaseshaber.com.tr\/habercim\/wp-json\/wp\/v2\/media"}],"about":[{"href":"https:\/\/adanaseshaber.com.tr\/habercim\/wp-json\/wp\/v2\/types\/attachment"}],"author":[{"embeddable":true,"href":"https:\/\/adanaseshaber.com.tr\/habercim\/wp-json\/wp\/v2\/users\/2"}],"replies":[{"embeddable":true,"href":"https:\/\/adanaseshaber.com.tr\/habercim\/wp-json\/wp\/v2\/comments?post=52981"}]}}