{"id":52992,"date":"2026-09-05T22:18:03","date_gmt":"2026-09-05T19:18:03","guid":{"rendered":"https:\/\/adanaseshaber.com.tr\/habercim\/wp-content\/uploads\/2026\/09\/1-15-768x201-74.jpg"},"modified":"2026-09-05T22:19:18","modified_gmt":"2026-09-05T19:19:18","slug":"1-15-768x201-3103","status":"inherit","type":"attachment","link":"https:\/\/adanaseshaber.com.tr\/habercim\/foto-galeri\/oyuncu-serhat-kilic\/attachment\/1-15-768x201-3103\/","title":{"rendered":"Oyuncu Serhat K\u0131l\u0131\u00e7"},"author":2,"comment_status":"open","ping_status":"closed","template":"","meta":[],"description":{"rendered":"<p class=\"attachment\"><a href='https:\/\/adanaseshaber.com.tr\/habercim\/wp-content\/uploads\/2026\/09\/1-15-768x201-74.jpg'><img width=\"300\" height=\"79\" src=\"https:\/\/adanaseshaber.com.tr\/habercim\/wp-content\/uploads\/2026\/09\/1-15-768x201-74-300x79.jpg\" class=\"attachment-medium size-medium\" alt=\"\" loading=\"lazy\" srcset=\"https:\/\/adanaseshaber.com.tr\/habercim\/wp-content\/uploads\/2026\/09\/1-15-768x201-74-300x79.jpg 300w, https:\/\/adanaseshaber.com.tr\/habercim\/wp-content\/uploads\/2026\/09\/1-15-768x201-74.jpg 768w\" sizes=\"(max-width: 300px) 100vw, 300px\" \/><\/a><\/p>\n"},"caption":{"rendered":"<p>\u0130stanbul Ka\u011f\u0131thane\u2019de oyuncu Serhat Mustafa K\u0131l\u0131\u00e7, kendisinden haber alamayan k\u0131z arkada\u015f\u0131 taraf\u0131ndan evinde \u00f6l\u00fc bulundu. K\u0131z arkada\u015f\u0131n\u0131n lenf kanseri oldu\u011funu belirtti\u011fi K\u0131l\u0131\u00e7\u2019\u0131n \u00f6l\u00fcm\u00fcyle ilgili soru\u015fturma ba\u015flat\u0131ld\u0131.<br \/>\nKap\u0131y\u0131 \u00e7alan \u00d6zlem E., yan\u0131t alamay\u0131nca hayat\u0131ndan endi\u015fe etti\u011fi K\u0131l\u0131\u00e7\u2019\u0131n evine, kendisinde bulunan anahtarla kap\u0131y\u0131 a\u00e7arak girdi. \u00d6zlem E., K\u0131l\u0131\u00e7\u2019\u0131 salondaki tekli koltukta oturur halde hareketsiz buldu. K\u0131l\u0131\u00e7\u2019\u0131n nefes almad\u0131\u011f\u0131n\u0131 ve v\u00fccudunun so\u011fuk oldu\u011funu fark eden \u00d6zlem E., 112 Acil \u00c7a\u011fr\u0131 Merkezi\u2019ni arayarak yard\u0131m istedi.<br \/>\nKIZ ARKADA\u015eI HABER ALAMADI<br \/>\nOlay, saat 17.00 s\u0131ralar\u0131nda Nurtepe Mahallesi\u2019nde meydana geldi. Edinilen bilgiye g\u00f6re, oyuncu Serhat K\u0131l\u0131\u00e7\u2019tan per\u015fembe g\u00fcn\u00fcnden bu yana haber alamayan k\u0131z arkada\u015f\u0131 \u00d6zlem E. (50), K\u0131l\u0131\u00e7\u2019\u0131n ya\u015fad\u0131\u011f\u0131 eve geldi. Polisin bilgisine ba\u015fvurdu\u011fu \u00d6zlem E., erkek arkada\u015f\u0131 K\u0131l\u0131\u00e7\u2019\u0131n lenf kanseri oldu\u011funu, per\u015fembe g\u00fcn\u00fcnden bu yana kendisinden haber alamad\u0131\u011f\u0131n\u0131 s\u00f6yledi. Polis ekipleri, olayla ilgili birimlere bilgi vererek K\u0131l\u0131\u00e7\u2019\u0131n \u00f6l\u00fcm\u00fcyle ilgili soru\u015fturma ba\u015flatt\u0131.<br \/>\nSerhat Mustafa K\u0131l\u0131\u00e7, 8 Temmuz 1975 y\u0131l\u0131nda Ankara&#8217;da do\u011fdu. 1994&#8217;te Bilkent \u00dcniversitesi M\u00fczik ve Sahne Sanatlar\u0131 Fak\u00fcltesi, Tiyatro b\u00f6l\u00fcm\u00fcn\u00fc burslu olarak kazand\u0131. 1998 y\u0131l\u0131nda y\u00fcksek \u015feref \u00f6\u011frencisi olarak bu okuldan mezun oldu. \u0130lk profesyonel oyunu Ankara Sanat Tiyatrosu&#8217;nda Rutkay Aziz rejisiyle 1998 Ariel Doffman&#8217;\u0131n Kay\u0131plar (Dullar) adl\u0131 oyunudur.<\/p>\n"},"alt_text":"","media_type":"image","mime_type":"image\/jpeg","media_details":{"width":768,"height":201,"file":"2026\/09\/1-15-768x201-74.jpg","sizes":{"medium":{"file":"1-15-768x201-74-300x79.jpg","width":300,"height":79,"mime_type":"image\/jpeg","source_url":"https:\/\/adanaseshaber.com.tr\/habercim\/wp-content\/uploads\/2026\/09\/1-15-768x201-74-300x79.jpg"},"thumbnail":{"file":"1-15-768x201-74-150x150.jpg","width":150,"height":150,"mime_type":"image\/jpeg","source_url":"https:\/\/adanaseshaber.com.tr\/habercim\/wp-content\/uploads\/2026\/09\/1-15-768x201-74-150x150.jpg"},"kucukResim":{"file":"1-15-768x201-74-80x50.jpg","width":80,"height":50,"mime_type":"image\/jpeg","source_url":"https:\/\/adanaseshaber.com.tr\/habercim\/wp-content\/uploads\/2026\/09\/1-15-768x201-74-80x50.jpg"},"sliderResim":{"file":"1-15-768x201-74-670x201.jpg","width":670,"height":201,"mime_type":"image\/jpeg","source_url":"https:\/\/adanaseshaber.com.tr\/habercim\/wp-content\/uploads\/2026\/09\/1-15-768x201-74-670x201.jpg"},"resim1":{"file":"1-15-768x201-74-184x140.jpg","width":184,"height":140,"mime_type":"image\/jpeg","source_url":"https:\/\/adanaseshaber.com.tr\/habercim\/wp-content\/uploads\/2026\/09\/1-15-768x201-74-184x140.jpg"},"resim2":{"file":"1-15-768x201-74-216x103.jpg","width":216,"height":103,"mime_type":"image\/jpeg","source_url":"https:\/\/adanaseshaber.com.tr\/habercim\/wp-content\/uploads\/2026\/09\/1-15-768x201-74-216x103.jpg"},"resim3":{"file":"1-15-768x201-74-145x70.jpg","width":145,"height":70,"mime_type":"image\/jpeg","source_url":"https:\/\/adanaseshaber.com.tr\/habercim\/wp-content\/uploads\/2026\/09\/1-15-768x201-74-145x70.jpg"},"sagSlider":{"file":"1-15-768x201-74-300x150.jpg","width":300,"height":150,"mime_type":"image\/jpeg","source_url":"https:\/\/adanaseshaber.com.tr\/habercim\/wp-content\/uploads\/2026\/09\/1-15-768x201-74-300x150.jpg"},"yeniSlider":{"file":"1-15-768x201-74-500x201.jpg","width":500,"height":201,"mime_type":"image\/jpeg","source_url":"https:\/\/adanaseshaber.com.tr\/habercim\/wp-content\/uploads\/2026\/09\/1-15-768x201-74-500x201.jpg"},"full":{"file":"1-15-768x201-74.jpg","width":768,"height":201,"mime_type":"image\/jpeg","source_url":"https:\/\/adanaseshaber.com.tr\/habercim\/wp-content\/uploads\/2026\/09\/1-15-768x201-74.jpg"}},"image_meta":{"aperture":"0","credit":"","camera":"","caption":"","created_timestamp":"0","copyright":"","focal_length":"0","iso":"0","shutter_speed":"0","title":"","orientation":"0","keywords":[]}},"post":52990,"source_url":"https:\/\/adanaseshaber.com.tr\/habercim\/wp-content\/uploads\/2026\/09\/1-15-768x201-74.jpg","_links":{"self":[{"href":"https:\/\/adanaseshaber.com.tr\/habercim\/wp-json\/wp\/v2\/media\/52992"}],"collection":[{"href":"https:\/\/adanaseshaber.com.tr\/habercim\/wp-json\/wp\/v2\/media"}],"about":[{"href":"https:\/\/adanaseshaber.com.tr\/habercim\/wp-json\/wp\/v2\/types\/attachment"}],"author":[{"embeddable":true,"href":"https:\/\/adanaseshaber.com.tr\/habercim\/wp-json\/wp\/v2\/users\/2"}],"replies":[{"embeddable":true,"href":"https:\/\/adanaseshaber.com.tr\/habercim\/wp-json\/wp\/v2\/comments?post=52992"}]}}